{"id":3165,"date":"2018-01-09T10:04:22","date_gmt":"2018-01-09T09:04:22","guid":{"rendered":"http:\/\/osalde.org\/?page_id=3165"},"modified":"2018-01-12T13:50:32","modified_gmt":"2018-01-12T12:50:32","slug":"posts-recientes","status":"publish","type":"page","link":"https:\/\/osalde.org\/eu\/posts-recientes\/","title":{"rendered":"Posts recientes"},"content":{"rendered":"<div class=\"wpb-content-wrapper\">[vc_row][vc_column]\n\t\t\t\n\t\t\t<section class=\"blog-style-1\">\n\t\t\t  <div class=\"element_wrap\">\n\t\t\t\t\t<div class=\"heading-style-1\"> <span class=\"title\">La sostenibilidad del Sistema P\u00fablico no solo se consigue denunciando el saqueo, recortes, privatizaciones y corruptelas. Requiere la verdadera participaci\u00f3n activa no consumista, regulatoria, normativa y autogestionada. En definitiva, la gobernanza de un Bien Com\u00fan que est\u00e1 al servicio del Derecho a la Salud.<\/span>\n\t\t\t\t\t  <h2>Entradas recientes<\/h2>\n\t\t\t\t\t  <em><\/em> \n\t\t\t\t\t<\/div>\n\t\t\t\t<div class=\"row\">\n\t\t\t\t\t\t\t\t\n\t\t\t\t\t\t\t\t<div class=\"col-md-3 col-sm-6\">\n\t\t\t\t\t\t\t\t\t<div class=\"style-1\">\n\t\t\t\t\t\t\t\t\t  <div class=\"frame\"><a href=\"https:\/\/osalde.org\/eu\/democracia-y-participacion-en-salud\/\"><div class=\"post_featured_image thumbnail_image\"><img loading=\"lazy\" decoding=\"async\" width=\"265\" height=\"250\" src=\"https:\/\/osalde.org\/wp-content\/uploads\/2026\/08\/Democracia-y-participacion-en-salud-26-octubre-2026-Osalde-GettyImages-pequena-265x250.jpg\" class=\"attachment-265x250 size-265x250 wp-post-image\" alt=\"\" \/><\/div><\/a><\/div>\n\t\t\t\t\t\t\t\t\t  <div class=\"text-box\">\n\t\t\t\t\t\t\t\t\t\t<div class=\"clearfix\">\n\t\t\t\t\t\t\t\t\t\t  <div class=\"thumb\"><img alt='' src='https:\/\/osalde.org\/wp-content\/litespeed\/avatar\/7a224ce17fbedb2b6771ee86906bc34f.jpg?ver=1788071649' srcset='https:\/\/osalde.org\/wp-content\/litespeed\/avatar\/cd209bec0a0dc31ca1699ec42036cec3.jpg?ver=1788071649 2x' class='avatar avatar-60 photo' height='60' width='60' \/><\/div>\n\t\t\t\t\t\t\t\t\t\t  <div class=\"btn-row\"> \n\t\t\t\t\t\t\t\t\t\t\t<a href=\"https:\/\/osalde.org\/eu\/author\/osalde\/\" class=\"link\"><i class=\"fa fa-user\" aria-hidden=\"true\"><\/i>Redacci\u00f3n web<\/a> \n\t\t\t\t\t\t\t\t\t\t\t<a href=\"https:\/\/osalde.org\/eu\/democracia-y-participacion-en-salud\/\" class=\"link\"><i class=\"fa fa-clock-o\" aria-hidden=\"true\"><\/i>Aug 28, 2026<\/a> \n\t\t\t\t\t\t\t\t\t\t  <\/div>\n\t\t\t\t\t\t\t\t\t\t<\/div>\n\t\t\t\t\t\t\t\t\t\t<h3><a href=\"https:\/\/osalde.org\/eu\/democracia-y-participacion-en-salud\/\">Jornada OSALDE: &#8220;Democracia y participaci\u00f3n en salud&#8221;<\/a><\/h3>\n\t\t\t\t\t\t\t\t\t\t<p> (more&hellip;)...<\/p>\n\t\t\t\t\t\t\t\t\t\t<a href=\"https:\/\/osalde.org\/eu\/democracia-y-participacion-en-salud\/\" class=\"btn-more\">Read Details<\/a> <\/div>\n\t\t\t\t\t\t\t\t\t<\/div>\n\t\t\t\t\t\t\t\t<\/div>\n\t\t\t\t\t\t\t\t\n\t\t\t\t\t\t\t\t<div class=\"col-md-3 col-sm-6\">\n\t\t\t\t\t\t\t\t\t<div class=\"style-1\">\n\t\t\t\t\t\t\t\t\t  <div class=\"frame\"><a href=\"https:\/\/osalde.org\/eu\/ivan-illich-en-el-centenario-de-su-nacimiento-por-juan-gervas\/\"><div class=\"post_featured_image thumbnail_image\"><img loading=\"lazy\" decoding=\"async\" width=\"265\" height=\"250\" src=\"https:\/\/osalde.org\/wp-content\/uploads\/2026\/08\/Ivan-Illich-265x250.jpg\" class=\"attachment-265x250 size-265x250 wp-post-image\" alt=\"\" \/><\/div><\/a><\/div>\n\t\t\t\t\t\t\t\t\t  <div class=\"text-box\">\n\t\t\t\t\t\t\t\t\t\t<div class=\"clearfix\">\n\t\t\t\t\t\t\t\t\t\t  <div class=\"thumb\"><img alt='' src='https:\/\/osalde.org\/wp-content\/litespeed\/avatar\/7a224ce17fbedb2b6771ee86906bc34f.jpg?ver=1788071649' srcset='https:\/\/osalde.org\/wp-content\/litespeed\/avatar\/cd209bec0a0dc31ca1699ec42036cec3.jpg?ver=1788071649 2x' class='avatar avatar-60 photo' height='60' width='60' \/><\/div>\n\t\t\t\t\t\t\t\t\t\t  <div class=\"btn-row\"> \n\t\t\t\t\t\t\t\t\t\t\t<a href=\"https:\/\/osalde.org\/eu\/author\/osalde\/\" class=\"link\"><i class=\"fa fa-user\" aria-hidden=\"true\"><\/i>Redacci\u00f3n web<\/a> \n\t\t\t\t\t\t\t\t\t\t\t<a href=\"https:\/\/osalde.org\/eu\/ivan-illich-en-el-centenario-de-su-nacimiento-por-juan-gervas\/\" class=\"link\"><i class=\"fa fa-clock-o\" aria-hidden=\"true\"><\/i>Aug 25, 2026<\/a> \n\t\t\t\t\t\t\t\t\t\t  <\/div>\n\t\t\t\t\t\t\t\t\t\t<\/div>\n\t\t\t\t\t\t\t\t\t\t<h3><a href=\"https:\/\/osalde.org\/eu\/ivan-illich-en-el-centenario-de-su-nacimiento-por-juan-gervas\/\">Iv\u00e1n Illich, en el centenario de su nacimiento. Por Juan Gervas<\/a><\/h3>\n\t\t\t\t\t\t\t\t\t\t<p>Iv\u00e1n Illich, en el centenario de su nacimiento.\u00a0Demostr\u00f3 que la mayor amenaza para la salud mundial es la medici...<\/p>\n\t\t\t\t\t\t\t\t\t\t<a href=\"https:\/\/osalde.org\/eu\/ivan-illich-en-el-centenario-de-su-nacimiento-por-juan-gervas\/\" class=\"btn-more\">Read Details<\/a> <\/div>\n\t\t\t\t\t\t\t\t\t<\/div>\n\t\t\t\t\t\t\t\t<\/div>\n\t\t\t\t\t\t\t\t\n\t\t\t\t\t\t\t\t<div class=\"col-md-3 col-sm-6\">\n\t\t\t\t\t\t\t\t\t<div class=\"style-1\">\n\t\t\t\t\t\t\t\t\t  <div class=\"frame\"><a href=\"https:\/\/osalde.org\/eu\/ome-conversaciones-sobre-practicas-colaborativas-en-el-campo-de-la-salud-mental-y-los-servicios-sociales-rtir-de-ejemplos-concretos\/\"><div class=\"post_featured_image thumbnail_image\"><img loading=\"lazy\" decoding=\"async\" width=\"265\" height=\"250\" src=\"https:\/\/osalde.org\/wp-content\/uploads\/2026\/07\/OME-Conversaciones-9-octubre-2026-265x250.jpg\" class=\"attachment-265x250 size-265x250 wp-post-image\" alt=\"\" \/><\/div><\/a><\/div>\n\t\t\t\t\t\t\t\t\t  <div class=\"text-box\">\n\t\t\t\t\t\t\t\t\t\t<div class=\"clearfix\">\n\t\t\t\t\t\t\t\t\t\t  <div class=\"thumb\"><img alt='' src='https:\/\/osalde.org\/wp-content\/litespeed\/avatar\/7a224ce17fbedb2b6771ee86906bc34f.jpg?ver=1788071649' srcset='https:\/\/osalde.org\/wp-content\/litespeed\/avatar\/cd209bec0a0dc31ca1699ec42036cec3.jpg?ver=1788071649 2x' class='avatar avatar-60 photo' height='60' width='60' \/><\/div>\n\t\t\t\t\t\t\t\t\t\t  <div class=\"btn-row\"> \n\t\t\t\t\t\t\t\t\t\t\t<a href=\"https:\/\/osalde.org\/eu\/author\/osalde\/\" class=\"link\"><i class=\"fa fa-user\" aria-hidden=\"true\"><\/i>Redacci\u00f3n web<\/a> \n\t\t\t\t\t\t\t\t\t\t\t<a href=\"https:\/\/osalde.org\/eu\/ome-conversaciones-sobre-practicas-colaborativas-en-el-campo-de-la-salud-mental-y-los-servicios-sociales-rtir-de-ejemplos-concretos\/\" class=\"link\"><i class=\"fa fa-clock-o\" aria-hidden=\"true\"><\/i>Jul 22, 2026<\/a> \n\t\t\t\t\t\t\t\t\t\t  <\/div>\n\t\t\t\t\t\t\t\t\t\t<\/div>\n\t\t\t\t\t\t\t\t\t\t<h3><a href=\"https:\/\/osalde.org\/eu\/ome-conversaciones-sobre-practicas-colaborativas-en-el-campo-de-la-salud-mental-y-los-servicios-sociales-rtir-de-ejemplos-concretos\/\">OME: &#8220;Conversaciones sobre pr\u00e1cticas colaborativas en el campo de la salud mental y los servicios sociales RTIR DE EJEMPLOS CONCRETOS&#8221;<\/a><\/h3>\n\t\t\t\t\t\t\t\t\t\t<p>Fuente: OME\u00a0 (more&hellip;)...<\/p>\n\t\t\t\t\t\t\t\t\t\t<a href=\"https:\/\/osalde.org\/eu\/ome-conversaciones-sobre-practicas-colaborativas-en-el-campo-de-la-salud-mental-y-los-servicios-sociales-rtir-de-ejemplos-concretos\/\" class=\"btn-more\">Read Details<\/a> <\/div>\n\t\t\t\t\t\t\t\t\t<\/div>\n\t\t\t\t\t\t\t\t<\/div>\n\t\t\t\t\t\t\t\t\n\t\t\t\t\t\t\t\t<div class=\"col-md-3 col-sm-6\">\n\t\t\t\t\t\t\t\t\t<div class=\"style-1\">\n\t\t\t\t\t\t\t\t\t  <div class=\"frame\"><a href=\"https:\/\/osalde.org\/eu\/la-fadsp-valora-la-reforma-de-la-ley-del-tabaco-y-pide-aprovechar-su-tramitacion-para-reforzarla\/\"><div class=\"post_featured_image thumbnail_image\"><img loading=\"lazy\" decoding=\"async\" width=\"265\" height=\"250\" src=\"https:\/\/osalde.org\/wp-content\/uploads\/2026\/07\/FUMAR-265x250.jpg\" class=\"attachment-265x250 size-265x250 wp-post-image\" alt=\"\" \/><\/div><\/a><\/div>\n\t\t\t\t\t\t\t\t\t  <div class=\"text-box\">\n\t\t\t\t\t\t\t\t\t\t<div class=\"clearfix\">\n\t\t\t\t\t\t\t\t\t\t  <div class=\"thumb\"><img alt='' src='https:\/\/osalde.org\/wp-content\/litespeed\/avatar\/7a224ce17fbedb2b6771ee86906bc34f.jpg?ver=1788071649' srcset='https:\/\/osalde.org\/wp-content\/litespeed\/avatar\/cd209bec0a0dc31ca1699ec42036cec3.jpg?ver=1788071649 2x' class='avatar avatar-60 photo' height='60' width='60' \/><\/div>\n\t\t\t\t\t\t\t\t\t\t  <div class=\"btn-row\"> \n\t\t\t\t\t\t\t\t\t\t\t<a href=\"https:\/\/osalde.org\/eu\/author\/osalde\/\" class=\"link\"><i class=\"fa fa-user\" aria-hidden=\"true\"><\/i>Redacci\u00f3n web<\/a> \n\t\t\t\t\t\t\t\t\t\t\t<a href=\"https:\/\/osalde.org\/eu\/la-fadsp-valora-la-reforma-de-la-ley-del-tabaco-y-pide-aprovechar-su-tramitacion-para-reforzarla\/\" class=\"link\"><i class=\"fa fa-clock-o\" aria-hidden=\"true\"><\/i>Jul 22, 2026<\/a> \n\t\t\t\t\t\t\t\t\t\t  <\/div>\n\t\t\t\t\t\t\t\t\t\t<\/div>\n\t\t\t\t\t\t\t\t\t\t<h3><a href=\"https:\/\/osalde.org\/eu\/la-fadsp-valora-la-reforma-de-la-ley-del-tabaco-y-pide-aprovechar-su-tramitacion-para-reforzarla\/\">La FADSP valora la reforma de la Ley del tabaco y pide aprovechar su tramitaci\u00f3n para reforzarla<\/a><\/h3>\n\t\t\t\t\t\t\t\t\t\t<p>Fuente: FADSP, organizaci\u00f3n de Defensa de la Salud P\u00fablica a la que pertenece OSALDE (more&hellip;)...<\/p>\n\t\t\t\t\t\t\t\t\t\t<a href=\"https:\/\/osalde.org\/eu\/la-fadsp-valora-la-reforma-de-la-ley-del-tabaco-y-pide-aprovechar-su-tramitacion-para-reforzarla\/\" class=\"btn-more\">Read Details<\/a> <\/div>\n\t\t\t\t\t\t\t\t\t<\/div>\n\t\t\t\t\t\t\t\t<\/div>\n\t\t\t\t\t\t\t\t\t\t<div class=\"pagination-box\">\n\t\t\t\t\t\t\t\t\t\t\t<nav>\n\t\t\t\t\t\t\t\t\t\t\t\t<ul class=\"pagination\">\n\t\t\t\t\t\t\t\t\t\t\t\t\t<li><span aria-current=\"page\" class=\"page-numbers current\">1<\/span>\n<a class=\"page-numbers\" href=\"https:\/\/osalde.org\/eu\/wp-json\/wp\/v2\/pages\/3165\/page\/2\/\">2<\/a>\n<span class=\"page-numbers dots\">&hellip;<\/span>\n<a class=\"page-numbers\" href=\"https:\/\/osalde.org\/eu\/wp-json\/wp\/v2\/pages\/3165\/page\/520\/\">520<\/a>\n<a class=\"next page-numbers\" href=\"https:\/\/osalde.org\/eu\/wp-json\/wp\/v2\/pages\/3165\/page\/2\/\">&gt;<\/a>\n\t\t\t\t\t\t\t\t\t\t\t\t\t<\/li>\n\t\t\t\t\t\t\t\t\t\t\t\t<\/ul>\n\t\t\t\t\t\t\t\t\t\t\t<\/nav>\n\t\t\t\t\t\t\t\t\t\t<\/div>\n\t\t\t\t<\/div>\n\t\t\t  <\/div>\n\t\t\t<\/section>[\/vc_column][\/vc_row]\n<\/div><span class=\"et_bloom_bottom_trigger\"><\/span>","protected":false},"excerpt":{"rendered":"<p>[vc_row][vc_column][\/vc_column][\/vc_row]<\/p>\n","protected":false},"author":2,"featured_media":0,"parent":0,"menu_order":0,"comment_status":"closed","ping_status":"closed","template":"","meta":{"inline_featured_image":false,"footnotes":""},"class_list":["post-3165","page","type-page","status-publish","hentry"],"translation":{"provider":"WPGlobus","version":"3.0.5","language":"eu","enabled_languages":["es","eu"],"languages":{"es":{"title":true,"content":true,"excerpt":false},"eu":{"title":false,"content":false,"excerpt":false}}},"_links":{"self":[{"href":"https:\/\/osalde.org\/eu\/wp-json\/wp\/v2\/pages\/3165","targetHints":{"allow":["GET"]}}],"collection":[{"href":"https:\/\/osalde.org\/eu\/wp-json\/wp\/v2\/pages"}],"about":[{"href":"https:\/\/osalde.org\/eu\/wp-json\/wp\/v2\/types\/page"}],"author":[{"embeddable":true,"href":"https:\/\/osalde.org\/eu\/wp-json\/wp\/v2\/users\/2"}],"replies":[{"embeddable":true,"href":"https:\/\/osalde.org\/eu\/wp-json\/wp\/v2\/comments?post=3165"}],"version-history":[{"count":0,"href":"https:\/\/osalde.org\/eu\/wp-json\/wp\/v2\/pages\/3165\/revisions"}],"wp:attachment":[{"href":"https:\/\/osalde.org\/eu\/wp-json\/wp\/v2\/media?parent=3165"}],"curies":[{"name":"wp","href":"https:\/\/api.w.org\/{rel}","templated":true}]}}